{"id":72,"date":"2022-08-15T15:34:43","date_gmt":"2022-08-15T18:34:43","guid":{"rendered":"http:\/\/gmicro.ufsc.br\/?page_id=72"},"modified":"2023-09-25T16:32:29","modified_gmt":"2023-09-25T19:32:29","slug":"equipe","status":"publish","type":"page","link":"http:\/\/gmicro.ufsc.br\/index.php\/equipe\/","title":{"rendered":"Equipe"},"content":{"rendered":"\n<p><\/p>\n\n\n\n<p><mark style=\"background-color:rgba(0, 0, 0, 0)\" class=\"has-inline-color has-white-color\">Coordenadora: Sonia Purin da Cruz, <em>Ph.D.<\/em><\/mark><\/p>\n\n\n\n<p>\u00c9 professora de Microbiologia na UFSC \u2013 Campus Curitibanos desde 2012. Leciona Microbiologia nos cursos de Agronomia, Engenharia Florestal e Medicina Veterin\u00e1ria. Possui t\u00edtulo de <em>Ph.D. <\/em>em Agronomia, na \u00e1rea de Ci\u00eancia do Solo, com concentra\u00e7\u00e3o em Microbiologia Ambiental e Aplicada. Seu t\u00edtulo foi obtido sob orienta\u00e7\u00e3o do <em>Ph.D. <\/em>Joseph B. Morton, maior autoridade mundial em pesquisa com fungos micorr\u00edzicos arbusculares, na West Virginia University, Estados Unidos (<a href=\"http:\/\/www.wvu.edu\">www.wvu.edu<\/a>). Suas linhas de pesquisa est\u00e3o ligadas a inoculantes microbianos, microbiologia do solo e da \u00e1gua.<\/p>\n\n\n\n<p>Link para Curr\u00edculo Lattes: <a href=\"http:\/\/lattes.cnpq.br\/7965959750702344\">http:\/\/lattes.cnpq.br\/7965959750702344<\/a><\/p>\n\n\n<div class=\"wp-block-image\">\n<figure class=\"aligncenter size-full\"><img loading=\"lazy\" decoding=\"async\" width=\"567\" height=\"425\" src=\"http:\/\/gmicro.ufsc.br\/wp-content\/uploads\/2022\/08\/image.png\" alt=\"\" class=\"wp-image-74\" srcset=\"http:\/\/gmicro.ufsc.br\/wp-content\/uploads\/2022\/08\/image.png 567w, http:\/\/gmicro.ufsc.br\/wp-content\/uploads\/2022\/08\/image-300x225.png 300w, http:\/\/gmicro.ufsc.br\/wp-content\/uploads\/2022\/08\/image-200x150.png 200w\" sizes=\"auto, (max-width: 567px) 100vw, 567px\" \/><\/figure>\n<\/div>\n\n\n<p class=\"has-text-align-center has-small-font-size\">Sonia no Alaska, com o Monte Denali ao fundo. Seu plano de aposentadoria \u00e9 morar l\u00e1 com seu marido Roger e suas oito cadelas (mas talvez nem todas estejam vivas at\u00e9 l\u00e1, rsrs) e desfrutar, todos os dias, das magn\u00edficas paisagens desse lugar t\u00e3o espetacular.<\/p>\n\n\n\n<p><\/p>\n\n\n\n<blockquote class=\"wp-block-quote is-layout-flow wp-block-quote-is-layout-flow\"><p>\u201cSou fascinada pelos microrganismos e in\u00fameros, maravilhosos processos que eles realizam, em todos os lugares desse planeta. Acredito que eles s\u00e3o pilares da produ\u00e7\u00e3o agr\u00edcola e florestal sustent\u00e1vel, e transmitir um pouco dessa extraordin\u00e1ria \u00e1rea do conhecimento aos meus orientados, abrindo assim oportunidades no meio acad\u00eamico e no mercado de trabalho, \u00e9 minha maior motiva\u00e7\u00e3o dentro da UFSC. Cada um dos orientados que faz parte desse processo \u00e9 extremamente importante, e logo abaixo voc\u00ea pode conferir um pouquinho da hist\u00f3ria de cada um\u201d.<\/p><\/blockquote>\n\n\n\n<p><strong>Equipe:<\/strong><\/p>\n\n\n\n<p>Abilio Spautz Netto<\/p>\n\n\n\n<p>Andrei Luis Kraemer<\/p>\n\n\n\n<div class=\"wp-block-group\"><div class=\"wp-block-group__inner-container is-layout-flow wp-block-group-is-layout-flow\">\n<div class=\"wp-block-media-text alignwide is-stacked-on-mobile\" style=\"grid-template-columns:18% auto\"><figure class=\"wp-block-media-text__media\"><img loading=\"lazy\" decoding=\"async\" width=\"240\" height=\"300\" src=\"http:\/\/gmicro.ufsc.br\/wp-content\/uploads\/2022\/09\/Andrei-240x300.jpg\" alt=\"\" class=\"wp-image-182 size-medium\" srcset=\"http:\/\/gmicro.ufsc.br\/wp-content\/uploads\/2022\/09\/Andrei-240x300.jpg 240w, http:\/\/gmicro.ufsc.br\/wp-content\/uploads\/2022\/09\/Andrei-160x200.jpg 160w, http:\/\/gmicro.ufsc.br\/wp-content\/uploads\/2022\/09\/Andrei.jpg 720w\" sizes=\"auto, (max-width: 240px) 100vw, 240px\" \/><\/figure><div class=\"wp-block-media-text__content\">\n<blockquote class=\"wp-block-quote is-layout-flow wp-block-quote-is-layout-flow\" style=\"font-size:18px\"><p>Sou acad\u00eamico do curso de agronomia na UFSC &#8211; Campus Curitibanos desde 2020.1, atualmente cursando a 7\u00b0 fase, participo da equipe do GMicro UFSC Curitibanos desde 2022.1. Tenho interesse em aprender e desenvolver mais sobre a atua\u00e7\u00e3o dos microrganismos nos processos biol\u00f3gicos que eles realizam, beneficiando a agricultura e tamb\u00e9m&nbsp;o planeta, pois se sabe que eles tem&nbsp;diversas fun\u00e7\u00f5es nos mesmos, assim se pode produzir de uma forma ainda rent\u00e1vel e tamb\u00e9m&nbsp;com maior sustentabilidade.<\/p><\/blockquote>\n<\/div><\/div>\n<\/div><\/div>\n\n\n\n<p><\/p>\n\n\n\n<p>Armando Paulo Fuxe Ngola<\/p>\n\n\n\n<div class=\"wp-block-media-text alignwide is-stacked-on-mobile\" style=\"grid-template-columns:18% auto\"><figure class=\"wp-block-media-text__media\"><img loading=\"lazy\" decoding=\"async\" width=\"768\" height=\"1024\" src=\"http:\/\/gmicro.ufsc.br\/wp-content\/uploads\/2023\/09\/IMG_6050-768x1024.jpeg\" alt=\"\" class=\"wp-image-306 size-full\" srcset=\"http:\/\/gmicro.ufsc.br\/wp-content\/uploads\/2023\/09\/IMG_6050-768x1024.jpeg 768w, http:\/\/gmicro.ufsc.br\/wp-content\/uploads\/2023\/09\/IMG_6050-225x300.jpeg 225w, http:\/\/gmicro.ufsc.br\/wp-content\/uploads\/2023\/09\/IMG_6050-1152x1536.jpeg 1152w, http:\/\/gmicro.ufsc.br\/wp-content\/uploads\/2023\/09\/IMG_6050-1536x2048.jpeg 1536w, http:\/\/gmicro.ufsc.br\/wp-content\/uploads\/2023\/09\/IMG_6050-1250x1667.jpeg 1250w, http:\/\/gmicro.ufsc.br\/wp-content\/uploads\/2023\/09\/IMG_6050-150x200.jpeg 150w, http:\/\/gmicro.ufsc.br\/wp-content\/uploads\/2023\/09\/IMG_6050-scaled.jpeg 1920w\" sizes=\"auto, (max-width: 768px) 100vw, 768px\" \/><\/figure><div class=\"wp-block-media-text__content\">\n<blockquote class=\"wp-block-quote is-layout-flow wp-block-quote-is-layout-flow\" style=\"font-size:18px\"><p>Me chamo Armando Paulo Fuxe Ngola. Sou acad\u00eamico do curso de agronomia na UFSC \u2013 Campus Curitibanos desde 2021.2, atualmente cursando a 6\u00b0 fase, participando da equipe do GMicro UFSC Curitibanos desde 2023.2 Tenho interesse na \u00e1rea da Agricultura de Precis\u00e3o para identifica\u00e7\u00e3o de nutrientes e gases do solo e em solos no geral, com isso pretendo aprender e desenvolver mais sobre a atua\u00e7\u00e3o dos microrganismos nos processos biol\u00f3gicos.<\/p><\/blockquote>\n<\/div><\/div>\n\n\n\n<p><\/p>\n\n\n\n<p>Caio de Lima<\/p>\n\n\n\n<p><\/p>\n\n\n\n<p>Eliza Cembranel Etges<\/p>\n\n\n\n<div class=\"wp-block-media-text alignwide is-stacked-on-mobile\" style=\"grid-template-columns:20% auto\"><figure class=\"wp-block-media-text__media\"><img loading=\"lazy\" decoding=\"async\" width=\"709\" height=\"1024\" src=\"http:\/\/gmicro.ufsc.br\/wp-content\/uploads\/2023\/04\/Screenshot_20230321_170735_WhatsApp-e1681727784952-709x1024.jpg\" alt=\"\" class=\"wp-image-300 size-full\" srcset=\"http:\/\/gmicro.ufsc.br\/wp-content\/uploads\/2023\/04\/Screenshot_20230321_170735_WhatsApp-e1681727784952-709x1024.jpg 709w, http:\/\/gmicro.ufsc.br\/wp-content\/uploads\/2023\/04\/Screenshot_20230321_170735_WhatsApp-e1681727784952-208x300.jpg 208w, http:\/\/gmicro.ufsc.br\/wp-content\/uploads\/2023\/04\/Screenshot_20230321_170735_WhatsApp-e1681727784952-138x200.jpg 138w, http:\/\/gmicro.ufsc.br\/wp-content\/uploads\/2023\/04\/Screenshot_20230321_170735_WhatsApp-e1681727784952.jpg 720w\" sizes=\"auto, (max-width: 709px) 100vw, 709px\" \/><\/figure><div class=\"wp-block-media-text__content\">\n<blockquote class=\"wp-block-quote has-medium-font-size is-layout-flow wp-block-quote-is-layout-flow\"><p>Me chamo Eliza Cembranel Etges, sou acad\u00eamica de Medicina Veterin\u00e1ria da Ufsc. Minha \u00e1rea de interesse \u00e9 trabalhar com animais silvestres e selvagens, e entrando no laborat\u00f3rio de microbiologia quero iniciar um projeto que agrege na minha profiss\u00e3o, e tamb\u00e9m conhecer mais desse mundo incr\u00edvel da microbiologia com a professora Sonia e os colegas do laborat\u00f3rio.<\/p><\/blockquote>\n<\/div><\/div>\n\n\n\n<p><\/p>\n\n\n\n<p>Emerson Gabriel Cardoso dos Passos<\/p>\n\n\n\n<div class=\"wp-block-media-text alignwide is-stacked-on-mobile\" style=\"grid-template-columns:18% auto\"><figure class=\"wp-block-media-text__media\"><img loading=\"lazy\" decoding=\"async\" width=\"300\" height=\"248\" src=\"http:\/\/gmicro.ufsc.br\/wp-content\/uploads\/2022\/09\/Emerson-300x248.jpg\" alt=\"\" class=\"wp-image-198 size-medium\" srcset=\"http:\/\/gmicro.ufsc.br\/wp-content\/uploads\/2022\/09\/Emerson-300x248.jpg 300w, http:\/\/gmicro.ufsc.br\/wp-content\/uploads\/2022\/09\/Emerson-1024x847.jpg 1024w, http:\/\/gmicro.ufsc.br\/wp-content\/uploads\/2022\/09\/Emerson-768x635.jpg 768w, http:\/\/gmicro.ufsc.br\/wp-content\/uploads\/2022\/09\/Emerson-1250x1034.jpg 1250w, http:\/\/gmicro.ufsc.br\/wp-content\/uploads\/2022\/09\/Emerson-200x165.jpg 200w, http:\/\/gmicro.ufsc.br\/wp-content\/uploads\/2022\/09\/Emerson.jpg 1306w\" sizes=\"auto, (max-width: 300px) 100vw, 300px\" \/><\/figure><div class=\"wp-block-media-text__content\">\n<blockquote class=\"wp-block-quote has-medium-font-size is-layout-flow wp-block-quote-is-layout-flow\"><p>Me chamo Emerson,&nbsp;&nbsp;desde pequeno carrego no sangue o amor pela agricultura, formado t\u00e9cnico em agropecu\u00e1ria, cursando gradua\u00e7\u00e3o em Agronomia e agricultor juntamente com a minha fam\u00edlia.<\/p><\/blockquote>\n<\/div><\/div>\n\n\n\n<p><\/p>\n\n\n\n<p>Estela Kovalski<\/p>\n\n\n\n<div class=\"wp-block-media-text alignwide is-stacked-on-mobile\" style=\"grid-template-columns:18% auto\"><figure class=\"wp-block-media-text__media\"><img loading=\"lazy\" decoding=\"async\" width=\"1024\" height=\"1024\" src=\"http:\/\/gmicro.ufsc.br\/wp-content\/uploads\/2022\/09\/IMG_20220413_082851_623-1024x1024.jpg\" alt=\"\" class=\"wp-image-263 size-full\" srcset=\"http:\/\/gmicro.ufsc.br\/wp-content\/uploads\/2022\/09\/IMG_20220413_082851_623-1024x1024.jpg 1024w, http:\/\/gmicro.ufsc.br\/wp-content\/uploads\/2022\/09\/IMG_20220413_082851_623-300x300.jpg 300w, http:\/\/gmicro.ufsc.br\/wp-content\/uploads\/2022\/09\/IMG_20220413_082851_623-150x150.jpg 150w, http:\/\/gmicro.ufsc.br\/wp-content\/uploads\/2022\/09\/IMG_20220413_082851_623-768x768.jpg 768w, http:\/\/gmicro.ufsc.br\/wp-content\/uploads\/2022\/09\/IMG_20220413_082851_623-200x200.jpg 200w, http:\/\/gmicro.ufsc.br\/wp-content\/uploads\/2022\/09\/IMG_20220413_082851_623.jpg 1200w\" sizes=\"auto, (max-width: 1024px) 100vw, 1024px\" \/><\/figure><div class=\"wp-block-media-text__content\">\n<blockquote class=\"wp-block-quote is-layout-flow wp-block-quote-is-layout-flow\"><p>Meu nome \u00e9 Estela sou natural de Itai\u00f3polis SC, sou acad\u00eamica de agronomia desde 2021\/2.&nbsp;<\/p><p>Sou filha e neta de agricultores, carrego no peito a paix\u00e3o pela agricultura.<\/p><p>Cresci em meio a lavouras, e devagar fui desenvolvendo um amor por tudo que o agricultor faz pra produzir o alimento, sei da dificuldade e da luta que \u00e9 trabalhar sol a sol para levar alimento a mesa de tantas pessoas.&nbsp;<\/p><p>Espero adquirir muito conhecimento junto ao Gmicro, para que cada vez mais possamos ajudar a agricultura evoluir mais e mais.<\/p><\/blockquote>\n<\/div><\/div>\n\n\n\n<p>Fernanda Pucci Rosa<\/p>\n\n\n\n<div class=\"wp-block-media-text alignwide is-stacked-on-mobile\" style=\"grid-template-columns:18% auto\"><figure class=\"wp-block-media-text__media\"><img loading=\"lazy\" decoding=\"async\" width=\"860\" height=\"1024\" src=\"http:\/\/gmicro.ufsc.br\/wp-content\/uploads\/2022\/09\/Fernanda-scaled-e1663005212415-860x1024.jpg\" alt=\"\" class=\"wp-image-200 size-medium\" srcset=\"http:\/\/gmicro.ufsc.br\/wp-content\/uploads\/2022\/09\/Fernanda-scaled-e1663005212415-860x1024.jpg 860w, http:\/\/gmicro.ufsc.br\/wp-content\/uploads\/2022\/09\/Fernanda-scaled-e1663005212415-252x300.jpg 252w, http:\/\/gmicro.ufsc.br\/wp-content\/uploads\/2022\/09\/Fernanda-scaled-e1663005212415-768x915.jpg 768w, http:\/\/gmicro.ufsc.br\/wp-content\/uploads\/2022\/09\/Fernanda-scaled-e1663005212415-1290x1536.jpg 1290w, http:\/\/gmicro.ufsc.br\/wp-content\/uploads\/2022\/09\/Fernanda-scaled-e1663005212415-1250x1489.jpg 1250w, http:\/\/gmicro.ufsc.br\/wp-content\/uploads\/2022\/09\/Fernanda-scaled-e1663005212415-168x200.jpg 168w, http:\/\/gmicro.ufsc.br\/wp-content\/uploads\/2022\/09\/Fernanda-scaled-e1663005212415.jpg 1440w\" sizes=\"auto, (max-width: 860px) 100vw, 860px\" \/><\/figure><div class=\"wp-block-media-text__content\">\n<blockquote class=\"wp-block-quote has-medium-font-size is-layout-flow wp-block-quote-is-layout-flow\"><p>Atrav\u00e9s da microbiologia me senti completa e realizada com o curso que escolhi. \u00c9 uma \u00e1rea bastante ampla, e minha paix\u00e3o \u00e9 principalmente por laborat\u00f3rio, cultivando esses microrganismos que possuem tamanha&nbsp;import\u00e2ncia para nossa \u00e1rea. Trabalhar com a microbiologia da \u00e1gua e microrganismos resistentes me mostrou como o que fazemos \u00e9 importante para a sa\u00fade p\u00fablica e para a preserva\u00e7\u00e3o ambiental. Fazer parte do Gmicro \u00e9 a melhor experi\u00eancia que a universidade me proporcionou.<\/p><\/blockquote>\n<\/div><\/div>\n\n\n\n<p><\/p>\n\n\n\n<p>Grazieli Medeiros<\/p>\n\n\n\n<div class=\"wp-block-media-text alignwide is-stacked-on-mobile\" style=\"grid-template-columns:18% auto\"><figure class=\"wp-block-media-text__media\"><img loading=\"lazy\" decoding=\"async\" width=\"673\" height=\"1024\" src=\"http:\/\/gmicro.ufsc.br\/wp-content\/uploads\/2022\/09\/Grazi-1-673x1024.jpg\" alt=\"\" class=\"wp-image-209 size-full\" srcset=\"http:\/\/gmicro.ufsc.br\/wp-content\/uploads\/2022\/09\/Grazi-1-673x1024.jpg 673w, http:\/\/gmicro.ufsc.br\/wp-content\/uploads\/2022\/09\/Grazi-1-197x300.jpg 197w, http:\/\/gmicro.ufsc.br\/wp-content\/uploads\/2022\/09\/Grazi-1-768x1168.jpg 768w, http:\/\/gmicro.ufsc.br\/wp-content\/uploads\/2022\/09\/Grazi-1-1010x1536.jpg 1010w, http:\/\/gmicro.ufsc.br\/wp-content\/uploads\/2022\/09\/Grazi-1-1347x2048.jpg 1347w, http:\/\/gmicro.ufsc.br\/wp-content\/uploads\/2022\/09\/Grazi-1-1250x1901.jpg 1250w, http:\/\/gmicro.ufsc.br\/wp-content\/uploads\/2022\/09\/Grazi-1-132x200.jpg 132w, http:\/\/gmicro.ufsc.br\/wp-content\/uploads\/2022\/09\/Grazi-1-scaled.jpg 1683w\" sizes=\"auto, (max-width: 673px) 100vw, 673px\" \/><\/figure><div class=\"wp-block-media-text__content\">\n<p class=\"has-large-font-size\"><\/p>\n<\/div><\/div>\n\n\n\n<p><\/p>\n\n\n\n<p>Heloisa Delmonego Hess<\/p>\n\n\n\n<div class=\"wp-block-media-text alignwide is-stacked-on-mobile\" style=\"grid-template-columns:18% auto\"><figure class=\"wp-block-media-text__media\"><img loading=\"lazy\" decoding=\"async\" width=\"871\" height=\"1024\" src=\"http:\/\/gmicro.ufsc.br\/wp-content\/uploads\/2022\/09\/Heloisa-871x1024.jpeg\" alt=\"\" class=\"wp-image-211 size-full\" srcset=\"http:\/\/gmicro.ufsc.br\/wp-content\/uploads\/2022\/09\/Heloisa-871x1024.jpeg 871w, http:\/\/gmicro.ufsc.br\/wp-content\/uploads\/2022\/09\/Heloisa-255x300.jpeg 255w, http:\/\/gmicro.ufsc.br\/wp-content\/uploads\/2022\/09\/Heloisa-768x903.jpeg 768w, http:\/\/gmicro.ufsc.br\/wp-content\/uploads\/2022\/09\/Heloisa-1307x1536.jpeg 1307w, http:\/\/gmicro.ufsc.br\/wp-content\/uploads\/2022\/09\/Heloisa-1250x1470.jpeg 1250w, http:\/\/gmicro.ufsc.br\/wp-content\/uploads\/2022\/09\/Heloisa-170x200.jpeg 170w, http:\/\/gmicro.ufsc.br\/wp-content\/uploads\/2022\/09\/Heloisa.jpeg 1361w\" sizes=\"auto, (max-width: 871px) 100vw, 871px\" \/><\/figure><div class=\"wp-block-media-text__content\">\n<blockquote class=\"wp-block-quote has-medium-font-size is-layout-flow wp-block-quote-is-layout-flow\"><p>Me chamo Heloisa Delmonego Hess, sou acad\u00eamica do curso de agronomia, ingressei no curso com intuito de aprimorar e obter grandes conhecimentos na \u00e1rea, e com o sonho de inovar a agricultura atualmente, venho em busca de realizar estes prop\u00f3sitos por meio do Grupo de Pesquisa em Microbiologia Ambiental (GMicro).<\/p><\/blockquote>\n<\/div><\/div>\n\n\n\n<p><\/p>\n\n\n\n<p>Isabella Pinheiro Soldatelli<\/p>\n\n\n\n<p><\/p>\n\n\n\n<div class=\"wp-block-media-text alignwide is-stacked-on-mobile\" style=\"grid-template-columns:18% auto\"><figure class=\"wp-block-media-text__media\"><img loading=\"lazy\" decoding=\"async\" width=\"769\" height=\"1024\" src=\"http:\/\/gmicro.ufsc.br\/wp-content\/uploads\/2023\/04\/IMG_8782-scaled-e1681212650354-769x1024.jpeg\" alt=\"\" class=\"wp-image-296 size-full\" srcset=\"http:\/\/gmicro.ufsc.br\/wp-content\/uploads\/2023\/04\/IMG_8782-scaled-e1681212650354-769x1024.jpeg 769w, http:\/\/gmicro.ufsc.br\/wp-content\/uploads\/2023\/04\/IMG_8782-scaled-e1681212650354-225x300.jpeg 225w, http:\/\/gmicro.ufsc.br\/wp-content\/uploads\/2023\/04\/IMG_8782-scaled-e1681212650354-768x1022.jpeg 768w, http:\/\/gmicro.ufsc.br\/wp-content\/uploads\/2023\/04\/IMG_8782-scaled-e1681212650354-1154x1536.jpeg 1154w, http:\/\/gmicro.ufsc.br\/wp-content\/uploads\/2023\/04\/IMG_8782-scaled-e1681212650354-1538x2048.jpeg 1538w, http:\/\/gmicro.ufsc.br\/wp-content\/uploads\/2023\/04\/IMG_8782-scaled-e1681212650354-1250x1664.jpeg 1250w, http:\/\/gmicro.ufsc.br\/wp-content\/uploads\/2023\/04\/IMG_8782-scaled-e1681212650354-150x200.jpeg 150w, http:\/\/gmicro.ufsc.br\/wp-content\/uploads\/2023\/04\/IMG_8782-scaled-e1681212650354.jpeg 1923w\" sizes=\"auto, (max-width: 769px) 100vw, 769px\" \/><\/figure><div class=\"wp-block-media-text__content\">\n<p class=\"has-medium-font-size\">Meu nome \u00e9 Isabella Pinheiro Soldatelli, estudo Medicina Veterin\u00e1ria na UFSC. Sou apaixonada pelos animais e quero poder ajud\u00e1-los a ter uma vida melhor e cuidar de sua sa\u00fade. O projeto realizado no GMicro envolve a identifica\u00e7\u00e3o de fungos e micotoxinas presentes na ra\u00e7\u00e3o de animais de produ\u00e7\u00e3o e quais seus efeitos em seu organismo e nos consumidores de seus derivados.<\/p>\n<\/div><\/div>\n\n\n\n<p><\/p>\n\n\n\n<p>Julia dos Santos Ganen<\/p>\n\n\n\n<div class=\"wp-block-media-text alignwide is-stacked-on-mobile\" style=\"grid-template-columns:18% auto\"><figure class=\"wp-block-media-text__media\"><img loading=\"lazy\" decoding=\"async\" width=\"768\" height=\"1024\" src=\"http:\/\/gmicro.ufsc.br\/wp-content\/uploads\/2022\/09\/Julia-Ganen-768x1024.jpg\" alt=\"\" class=\"wp-image-217 size-full\" srcset=\"http:\/\/gmicro.ufsc.br\/wp-content\/uploads\/2022\/09\/Julia-Ganen-768x1024.jpg 768w, http:\/\/gmicro.ufsc.br\/wp-content\/uploads\/2022\/09\/Julia-Ganen-225x300.jpg 225w, http:\/\/gmicro.ufsc.br\/wp-content\/uploads\/2022\/09\/Julia-Ganen-1152x1536.jpg 1152w, http:\/\/gmicro.ufsc.br\/wp-content\/uploads\/2022\/09\/Julia-Ganen-150x200.jpg 150w, http:\/\/gmicro.ufsc.br\/wp-content\/uploads\/2022\/09\/Julia-Ganen.jpg 1200w\" sizes=\"auto, (max-width: 768px) 100vw, 768px\" \/><\/figure><div class=\"wp-block-media-text__content\">\n<blockquote class=\"wp-block-quote has-medium-font-size is-layout-flow wp-block-quote-is-layout-flow\"><p>Julia Ganen,&nbsp; integrante do Gmicro que nesta caminhada acad\u00eamica&nbsp;se apaixonou pelo mundo dos microrganismos, e hoje \u00e9 muito grata por poder fazer parte deste grupo e vivenciar experi\u00eancias t\u00e3o incr\u00edveis e juntamente destas pessoas. Seu atual projeto engloba o cultivo de micorrizas<em>&nbsp;in vitro<\/em>&nbsp;e seu&nbsp;uso como indicadores de polui\u00e7\u00e3o, pensando em respostas a agrot\u00f3xicos. Este projeto pelo qual fez a acad\u00eamica encantar-se por esta rela\u00e7\u00e3o simbi\u00f3tica mutual\u00edstica que tem tanto a oferecer para os sistemas produtivos e ao ambiente que nos rodeia.&nbsp;<\/p><\/blockquote>\n<\/div><\/div>\n\n\n\n<p><\/p>\n\n\n\n<p><\/p>\n\n\n\n<p>Let\u00edcia Gon\u00e7alves Camargo<\/p>\n\n\n\n<p><\/p>\n\n\n\n<div class=\"wp-block-media-text alignwide is-stacked-on-mobile\" style=\"grid-template-columns:18% auto\"><figure class=\"wp-block-media-text__media\"><img loading=\"lazy\" decoding=\"async\" width=\"768\" height=\"1024\" src=\"http:\/\/gmicro.ufsc.br\/wp-content\/uploads\/2022\/09\/Leticia-768x1024.jpg\" alt=\"\" class=\"wp-image-229 size-full\" srcset=\"http:\/\/gmicro.ufsc.br\/wp-content\/uploads\/2022\/09\/Leticia-768x1024.jpg 768w, http:\/\/gmicro.ufsc.br\/wp-content\/uploads\/2022\/09\/Leticia-225x300.jpg 225w, http:\/\/gmicro.ufsc.br\/wp-content\/uploads\/2022\/09\/Leticia-1152x1536.jpg 1152w, http:\/\/gmicro.ufsc.br\/wp-content\/uploads\/2022\/09\/Leticia-1536x2048.jpg 1536w, http:\/\/gmicro.ufsc.br\/wp-content\/uploads\/2022\/09\/Leticia-1250x1667.jpg 1250w, http:\/\/gmicro.ufsc.br\/wp-content\/uploads\/2022\/09\/Leticia-150x200.jpg 150w, http:\/\/gmicro.ufsc.br\/wp-content\/uploads\/2022\/09\/Leticia-scaled.jpg 1920w\" sizes=\"auto, (max-width: 768px) 100vw, 768px\" \/><\/figure><div class=\"wp-block-media-text__content\">\n<blockquote class=\"wp-block-quote has-medium-font-size is-layout-flow wp-block-quote-is-layout-flow\"><p>Cursa Engenharia florestal na UFSC, faz parte da Gmicro desde 2021 e desde ent\u00e3o cada vez mais se apaixona pelo mundo dos microrganismos. Desde que entrou no Gmicro teve muitas oportunidades e experi\u00eancias que levar\u00e1 para a vida. Atualmente auxilia no projeto da Anna Beatriz, juntamente com a ATO participa\u00e7\u00f5es, onde s\u00e3o avaliados os efeitos do extrato pirolenhoso sobre esp\u00e9cies florestais, sendo um dos primeiros grupos do Brasil a realizar estudos a m\u00e9dia e longo prazo com o mesmo. Seu atual projeto \u00e9 avaliar a qualidade microbiol\u00f3gica da \u00e1gua e do solo em Curitibanos.<\/p><\/blockquote>\n<\/div><\/div>\n\n\n\n<p><\/p>\n\n\n\n<p>Lucas Smaha Grando<\/p>\n\n\n\n<div class=\"wp-block-media-text alignwide is-stacked-on-mobile\" style=\"grid-template-columns:18% auto\"><figure class=\"wp-block-media-text__media\"><img loading=\"lazy\" decoding=\"async\" width=\"768\" height=\"1024\" src=\"http:\/\/gmicro.ufsc.br\/wp-content\/uploads\/2022\/09\/Lucas-768x1024.jpeg\" alt=\"\" class=\"wp-image-238 size-full\" srcset=\"http:\/\/gmicro.ufsc.br\/wp-content\/uploads\/2022\/09\/Lucas-768x1024.jpeg 768w, http:\/\/gmicro.ufsc.br\/wp-content\/uploads\/2022\/09\/Lucas-225x300.jpeg 225w, http:\/\/gmicro.ufsc.br\/wp-content\/uploads\/2022\/09\/Lucas-1152x1536.jpeg 1152w, http:\/\/gmicro.ufsc.br\/wp-content\/uploads\/2022\/09\/Lucas-150x200.jpeg 150w, http:\/\/gmicro.ufsc.br\/wp-content\/uploads\/2022\/09\/Lucas.jpeg 1200w\" sizes=\"auto, (max-width: 768px) 100vw, 768px\" \/><\/figure><div class=\"wp-block-media-text__content\">\n<blockquote class=\"wp-block-quote has-medium-font-size is-layout-flow wp-block-quote-is-layout-flow\"><p>Acad\u00eamico de Agronomia Lucas Smaha Grando, trabalhando com o grupo desde 2019. Inicialmente o interesse de saber mais sobre produtos inoculantes despertou a vontade de participar do grupo. Foram cerca de dois anos participando de trabalhos com inocula\u00e7\u00e3o em milho, soja e aveia preta. Nos \u00faltimos dois anos vem trabalhando com a utiliza\u00e7\u00e3o de extrato pirolenhoso na cultura da soja. E ainda assim continua com os trabalhos sobre inoculantes com os demais integrantes.<\/p><\/blockquote>\n<\/div><\/div>\n\n\n\n<p><\/p>\n\n\n\n<p>Luiz Eug\u00eanio Concari<\/p>\n\n\n\n<div class=\"wp-block-media-text alignwide is-stacked-on-mobile\" style=\"grid-template-columns:18% auto\"><figure class=\"wp-block-media-text__media\"><img loading=\"lazy\" decoding=\"async\" width=\"769\" height=\"1024\" src=\"http:\/\/gmicro.ufsc.br\/wp-content\/uploads\/2022\/09\/Luiz.jpeg\" alt=\"\" class=\"wp-image-240 size-full\" srcset=\"http:\/\/gmicro.ufsc.br\/wp-content\/uploads\/2022\/09\/Luiz.jpeg 769w, http:\/\/gmicro.ufsc.br\/wp-content\/uploads\/2022\/09\/Luiz-225x300.jpeg 225w, http:\/\/gmicro.ufsc.br\/wp-content\/uploads\/2022\/09\/Luiz-150x200.jpeg 150w\" sizes=\"auto, (max-width: 769px) 100vw, 769px\" \/><\/figure><div class=\"wp-block-media-text__content\">\n<blockquote class=\"wp-block-quote has-medium-font-size is-layout-flow wp-block-quote-is-layout-flow\"><p>Aluno do curso de agronomia da UFSC Campus Curitibanos. &#8220;Trago grande amor pela agricultura, por influ\u00eancia dos meus av\u00f3s, criei uma grande paix\u00e3o por essa profiss\u00e3o, desde pequeno dizia que gostaria de cursar agronomia e por em diante a cultura agr\u00edcola da minha fam\u00edlia. Tenho grande gosto pelo solo, e tudo que ele oferece, hoje juntamente com a orientadora prof. Sonia, estou tendo a chance de p\u00f4r em pr\u00e1tica e aperfei\u00e7oar meus conhecimentos, descobrindo o fant\u00e1stico mundo dos microrganismos e o grande papel deles no solo e nas plantas!<\/p><\/blockquote>\n<\/div><\/div>\n\n\n\n<p><\/p>\n\n\n\n<p>Mateus Solanha<\/p>\n\n\n\n<div class=\"wp-block-media-text alignwide is-stacked-on-mobile\" style=\"grid-template-columns:18% auto\"><figure class=\"wp-block-media-text__media\"><img loading=\"lazy\" decoding=\"async\" width=\"768\" height=\"1024\" src=\"http:\/\/gmicro.ufsc.br\/wp-content\/uploads\/2022\/09\/Mateus-1-768x1024.jpeg\" alt=\"\" class=\"wp-image-244 size-full\" srcset=\"http:\/\/gmicro.ufsc.br\/wp-content\/uploads\/2022\/09\/Mateus-1-768x1024.jpeg 768w, http:\/\/gmicro.ufsc.br\/wp-content\/uploads\/2022\/09\/Mateus-1-225x300.jpeg 225w, http:\/\/gmicro.ufsc.br\/wp-content\/uploads\/2022\/09\/Mateus-1-1152x1536.jpeg 1152w, http:\/\/gmicro.ufsc.br\/wp-content\/uploads\/2022\/09\/Mateus-1-1536x2048.jpeg 1536w, http:\/\/gmicro.ufsc.br\/wp-content\/uploads\/2022\/09\/Mateus-1-1250x1667.jpeg 1250w, http:\/\/gmicro.ufsc.br\/wp-content\/uploads\/2022\/09\/Mateus-1-150x200.jpeg 150w, http:\/\/gmicro.ufsc.br\/wp-content\/uploads\/2022\/09\/Mateus-1-scaled.jpeg 1920w\" sizes=\"auto, (max-width: 768px) 100vw, 768px\" \/><\/figure><div class=\"wp-block-media-text__content\">\n<blockquote class=\"wp-block-quote has-medium-font-size is-layout-flow wp-block-quote-is-layout-flow\"><p>Cursando a oitava fase de agronomia, tem como projeto avaliar resultados da co inocula\u00e7\u00e3o com&nbsp;<em>Azospirillum brasilense, Pseudomonas fluorescens, Bacillus aryabhattai, Bacillus circulans<\/em>&nbsp;e<em>&nbsp;Bacillus haynesii<\/em><\/p><\/blockquote>\n<\/div><\/div>\n\n\n\n<p><\/p>\n\n\n\n<p>Nathan Antunes de Souza<\/p>\n\n\n\n<div class=\"wp-block-media-text alignwide is-stacked-on-mobile\" style=\"grid-template-columns:18% auto\"><figure class=\"wp-block-media-text__media\"><img loading=\"lazy\" decoding=\"async\" width=\"768\" height=\"1024\" src=\"http:\/\/gmicro.ufsc.br\/wp-content\/uploads\/2022\/09\/Nathan-768x1024.jpg\" alt=\"\" class=\"wp-image-246 size-full\" srcset=\"http:\/\/gmicro.ufsc.br\/wp-content\/uploads\/2022\/09\/Nathan-768x1024.jpg 768w, http:\/\/gmicro.ufsc.br\/wp-content\/uploads\/2022\/09\/Nathan-225x300.jpg 225w, http:\/\/gmicro.ufsc.br\/wp-content\/uploads\/2022\/09\/Nathan-1152x1536.jpg 1152w, http:\/\/gmicro.ufsc.br\/wp-content\/uploads\/2022\/09\/Nathan-1536x2048.jpg 1536w, http:\/\/gmicro.ufsc.br\/wp-content\/uploads\/2022\/09\/Nathan-1250x1667.jpg 1250w, http:\/\/gmicro.ufsc.br\/wp-content\/uploads\/2022\/09\/Nathan-150x200.jpg 150w, http:\/\/gmicro.ufsc.br\/wp-content\/uploads\/2022\/09\/Nathan-scaled.jpg 1920w\" sizes=\"auto, (max-width: 768px) 100vw, 768px\" \/><\/figure><div class=\"wp-block-media-text__content\">\n<blockquote class=\"wp-block-quote has-medium-font-size is-layout-flow wp-block-quote-is-layout-flow\"><p>Tenho 21 anos, Estou entre o 6\u00b0 e o 9\u00b0 per\u00edodo do curso de Agronomia, estou desenvolvendo um experimento&nbsp; com reinocula\u00e7\u00e3o de bact\u00e9rias fixadoras de N em pastagens na fazenda&nbsp; Gemelli. Meus principais interesses s\u00e3o na \u00e1rea de forragicultura e produ\u00e7\u00e3o animal voltada para \u00e1rea de ruminantes.<\/p><\/blockquote>\n<\/div><\/div>\n\n\n\n<p><\/p>\n\n\n\n<p>Rogerio Kormann<\/p>\n\n\n\n<div class=\"wp-block-media-text alignwide is-stacked-on-mobile\" style=\"grid-template-columns:18% auto\"><figure class=\"wp-block-media-text__media\"><img loading=\"lazy\" decoding=\"async\" width=\"902\" height=\"1024\" src=\"http:\/\/gmicro.ufsc.br\/wp-content\/uploads\/2022\/09\/1663088972229-scaled-e1663094404598-902x1024.jpg\" alt=\"\" class=\"wp-image-252 size-full\" srcset=\"http:\/\/gmicro.ufsc.br\/wp-content\/uploads\/2022\/09\/1663088972229-scaled-e1663094404598-902x1024.jpg 902w, http:\/\/gmicro.ufsc.br\/wp-content\/uploads\/2022\/09\/1663088972229-scaled-e1663094404598-264x300.jpg 264w, http:\/\/gmicro.ufsc.br\/wp-content\/uploads\/2022\/09\/1663088972229-scaled-e1663094404598-768x872.jpg 768w, http:\/\/gmicro.ufsc.br\/wp-content\/uploads\/2022\/09\/1663088972229-scaled-e1663094404598-1353x1536.jpg 1353w, http:\/\/gmicro.ufsc.br\/wp-content\/uploads\/2022\/09\/1663088972229-scaled-e1663094404598-1250x1419.jpg 1250w, http:\/\/gmicro.ufsc.br\/wp-content\/uploads\/2022\/09\/1663088972229-scaled-e1663094404598-176x200.jpg 176w, http:\/\/gmicro.ufsc.br\/wp-content\/uploads\/2022\/09\/1663088972229-scaled-e1663094404598.jpg 1556w\" sizes=\"auto, (max-width: 902px) 100vw, 902px\" \/><\/figure><div class=\"wp-block-media-text__content\">\n<blockquote class=\"wp-block-quote has-medium-font-size is-layout-flow wp-block-quote-is-layout-flow\"><p>Formado em Tecnologia de Sistemas de Informa\u00e7\u00e3o pela UDESC, atualmente \u00e9 acad\u00eamico da d\u00e9cima fase de Agronomia e servidor na Universidade Federal de Santa Catarina &#8211; UFSC. Faz parte do GMicro desde 2020.<\/p><\/blockquote>\n<\/div><\/div>\n\n\n\n<p><\/p>\n\n\n\n<p>Tainara da Silva Perin<\/p>\n\n\n\n<div class=\"wp-block-media-text alignwide is-stacked-on-mobile\" style=\"grid-template-columns:18% auto\"><figure class=\"wp-block-media-text__media\"><img loading=\"lazy\" decoding=\"async\" width=\"320\" height=\"355\" src=\"http:\/\/gmicro.ufsc.br\/wp-content\/uploads\/2022\/09\/WhatsApp-Image-2022-09-04-at-14.20.04-e1663096695219.jpeg\" alt=\"\" class=\"wp-image-258 size-full\" srcset=\"http:\/\/gmicro.ufsc.br\/wp-content\/uploads\/2022\/09\/WhatsApp-Image-2022-09-04-at-14.20.04-e1663096695219.jpeg 320w, http:\/\/gmicro.ufsc.br\/wp-content\/uploads\/2022\/09\/WhatsApp-Image-2022-09-04-at-14.20.04-e1663096695219-270x300.jpeg 270w, http:\/\/gmicro.ufsc.br\/wp-content\/uploads\/2022\/09\/WhatsApp-Image-2022-09-04-at-14.20.04-e1663096695219-180x200.jpeg 180w\" sizes=\"auto, (max-width: 320px) 100vw, 320px\" \/><\/figure><div class=\"wp-block-media-text__content\">\n<blockquote class=\"wp-block-quote is-layout-flow wp-block-quote-is-layout-flow\"><p>Sou aluna do Curso de Agronomia, estou participando no GMicro h\u00e1 dois anos, onde j\u00e1 pude crescer muito, a cada trabalho dos demais colegas \u00e9 gratificante, pois h\u00e1 muita troca de experi\u00eancias e aprendizado. Atualmente estou realizando um experimento a campo intitulado de Reinocula\u00e7\u00e3o da cultura do trigo associado a redu\u00e7\u00e3o da aduba\u00e7\u00e3o nitrogenada.<br>A prof\u00aa Sonia \u00e9 uma excelente orientadora e amiga, sem ela nos apoiando e auxiliando com os tantos anos de carreira, jamais seria poss\u00edvel ter um grupo t\u00e3o grande e com tantos trabalhos diversificados<\/p><\/blockquote>\n<\/div><\/div>\n\n\n\n<p><\/p>\n\n\n\n<p>Tatiele Baroncello<\/p>\n\n\n\n<div class=\"wp-block-media-text alignwide is-stacked-on-mobile\" style=\"grid-template-columns:18% auto\"><figure class=\"wp-block-media-text__media\"><img loading=\"lazy\" decoding=\"async\" width=\"592\" height=\"1024\" src=\"http:\/\/gmicro.ufsc.br\/wp-content\/uploads\/2022\/09\/tati-e1663696501472-592x1024.webp\" alt=\"\" class=\"wp-image-266 size-full\" srcset=\"http:\/\/gmicro.ufsc.br\/wp-content\/uploads\/2022\/09\/tati-e1663696501472-592x1024.webp 592w, http:\/\/gmicro.ufsc.br\/wp-content\/uploads\/2022\/09\/tati-e1663696501472-173x300.webp 173w, http:\/\/gmicro.ufsc.br\/wp-content\/uploads\/2022\/09\/tati-e1663696501472-768x1328.webp 768w, http:\/\/gmicro.ufsc.br\/wp-content\/uploads\/2022\/09\/tati-e1663696501472-888x1536.webp 888w, http:\/\/gmicro.ufsc.br\/wp-content\/uploads\/2022\/09\/tati-e1663696501472-116x200.webp 116w, http:\/\/gmicro.ufsc.br\/wp-content\/uploads\/2022\/09\/tati-e1663696501472.webp 916w\" sizes=\"auto, (max-width: 592px) 100vw, 592px\" \/><\/figure><div class=\"wp-block-media-text__content\">\n<blockquote class=\"wp-block-quote has-medium-font-size is-layout-flow wp-block-quote-is-layout-flow\"><p>Meu nome \u00e9 Tatiele, sou acad\u00eamica do curso de Agronomia. Participo do GMicro desde 2022.2, assumi um projeto a campo que j\u00e1 estava em andamento no qual tive a oportunidade de associar um mundo que a professora S\u00f4nia me apresentou e achei fascinante, com um que sempre gostei. Estarei avaliando o desempenho do uso de inoculantes microbianos em pastagens, visando diminuir custos no uso de aduba\u00e7\u00e3o nitrogenada aos produtores e contribuir com o meio ambiente.<\/p><\/blockquote>\n<\/div><\/div>\n\n\n\n<p><\/p>\n\n\n\n<p>Thais Fernandes Ronsani<\/p>\n\n\n\n<div class=\"wp-block-media-text alignwide is-stacked-on-mobile\" style=\"grid-template-columns:18% auto\"><figure class=\"wp-block-media-text__media\"><img loading=\"lazy\" decoding=\"async\" width=\"768\" height=\"1024\" src=\"http:\/\/gmicro.ufsc.br\/wp-content\/uploads\/2022\/09\/Thais-768x1024.jpg\" alt=\"\" class=\"wp-image-247 size-full\" srcset=\"http:\/\/gmicro.ufsc.br\/wp-content\/uploads\/2022\/09\/Thais-768x1024.jpg 768w, http:\/\/gmicro.ufsc.br\/wp-content\/uploads\/2022\/09\/Thais-225x300.jpg 225w, http:\/\/gmicro.ufsc.br\/wp-content\/uploads\/2022\/09\/Thais-1152x1536.jpg 1152w, http:\/\/gmicro.ufsc.br\/wp-content\/uploads\/2022\/09\/Thais-1536x2048.jpg 1536w, http:\/\/gmicro.ufsc.br\/wp-content\/uploads\/2022\/09\/Thais-1250x1667.jpg 1250w, http:\/\/gmicro.ufsc.br\/wp-content\/uploads\/2022\/09\/Thais-150x200.jpg 150w, http:\/\/gmicro.ufsc.br\/wp-content\/uploads\/2022\/09\/Thais-scaled.jpg 1920w\" sizes=\"auto, (max-width: 768px) 100vw, 768px\" \/><\/figure><div class=\"wp-block-media-text__content\">\n<blockquote class=\"wp-block-quote has-medium-font-size is-layout-flow wp-block-quote-is-layout-flow\"><p>Acad\u00eamica de Engenharia Florestal, na Universidade Federal de Santa Catarina &#8211; UFSC.&nbsp; Tem experi\u00eancia no laborat\u00f3rio de microbiologia, onde realizou dois projetos na \u00e1rea de Microrganismos Promotores de Crescimento Vegetal, foi volunt\u00e1ria com bolsa de inicia\u00e7\u00e3o cient\u00edfica e desenvolveu um projeto intitulado \u201cIsolamento e caracteriza\u00e7\u00e3o de Riz\u00f3bio de Bacatinga (<em>Mimosa scabrella<\/em>&nbsp;Benth.), da mesorregi\u00e3o Curitibanos, planalto central de Santa Catarina\u201d. Atualmente est\u00e1 trabalhando com a qualidade do solo e aporte de serapilheira em ecossistemas de Arauc\u00e1ria (<em>Araucaria angustifolia<\/em>&nbsp;(Bertol.) Kuntze).<\/p><\/blockquote>\n<\/div><\/div>\n\n\n\n<blockquote class=\"wp-block-quote is-layout-flow wp-block-quote-is-layout-flow\"><p><\/p><\/blockquote>\n\n\n\n<p>Tha\u00eds Ribeiro Mattiuz<\/p>\n\n\n\n<div class=\"wp-block-media-text alignwide is-stacked-on-mobile\" style=\"grid-template-columns:18% auto\"><figure class=\"wp-block-media-text__media\"><img loading=\"lazy\" decoding=\"async\" width=\"799\" height=\"1024\" src=\"http:\/\/gmicro.ufsc.br\/wp-content\/uploads\/2023\/04\/image-799x1024.png\" alt=\"\" class=\"wp-image-281 size-full\" srcset=\"http:\/\/gmicro.ufsc.br\/wp-content\/uploads\/2023\/04\/image-799x1024.png 799w, http:\/\/gmicro.ufsc.br\/wp-content\/uploads\/2023\/04\/image-234x300.png 234w, http:\/\/gmicro.ufsc.br\/wp-content\/uploads\/2023\/04\/image-768x985.png 768w, http:\/\/gmicro.ufsc.br\/wp-content\/uploads\/2023\/04\/image-1198x1536.png 1198w, http:\/\/gmicro.ufsc.br\/wp-content\/uploads\/2023\/04\/image-156x200.png 156w, http:\/\/gmicro.ufsc.br\/wp-content\/uploads\/2023\/04\/image.png 1248w\" sizes=\"auto, (max-width: 799px) 100vw, 799px\" \/><\/figure><div class=\"wp-block-media-text__content\">\n<blockquote class=\"wp-block-quote has-medium-font-size is-layout-flow wp-block-quote-is-layout-flow\"><p>Meu nome \u00e9 Tha\u00eds Ribeiro Mattiuz, sou estudante de medicina veterin\u00e1ria da UFSC. Tenho como objetivo trabalhar al\u00e9m dos animais, com foco em sa\u00fade e bem estar animal e humana atrav\u00e9s da alimenta\u00e7\u00e3o de produtos de origem animal. O projeto desenvolvido com o GMicro tem como foco Fungos e Toxinas presentes na ra\u00e7\u00e3o de  animais de produ\u00e7\u00e3o e suas consequ\u00eancias para os mesmos e para os consumidores de seus derivados<\/p><\/blockquote>\n<\/div><\/div>\n\n\n\n<p><\/p>\n\n\n\n<p>Vinicius Jos\u00e9 Farias<\/p>\n\n\n\n<div class=\"wp-block-media-text alignwide is-stacked-on-mobile\" style=\"grid-template-columns:18% auto\"><figure class=\"wp-block-media-text__media\"><img loading=\"lazy\" decoding=\"async\" width=\"1080\" height=\"1729\" src=\"http:\/\/gmicro.ufsc.br\/wp-content\/uploads\/2022\/09\/Vini-edited.jpg\" alt=\"\" class=\"wp-image-249 size-full\" srcset=\"http:\/\/gmicro.ufsc.br\/wp-content\/uploads\/2022\/09\/Vini-edited.jpg 1080w, http:\/\/gmicro.ufsc.br\/wp-content\/uploads\/2022\/09\/Vini-edited-187x300.jpg 187w, http:\/\/gmicro.ufsc.br\/wp-content\/uploads\/2022\/09\/Vini-edited-640x1024.jpg 640w, http:\/\/gmicro.ufsc.br\/wp-content\/uploads\/2022\/09\/Vini-edited-768x1230.jpg 768w, http:\/\/gmicro.ufsc.br\/wp-content\/uploads\/2022\/09\/Vini-edited-959x1536.jpg 959w, http:\/\/gmicro.ufsc.br\/wp-content\/uploads\/2022\/09\/Vini-edited-125x200.jpg 125w\" sizes=\"auto, (max-width: 1080px) 100vw, 1080px\" \/><\/figure><div class=\"wp-block-media-text__content\">\n<blockquote class=\"wp-block-quote has-medium-font-size is-layout-flow wp-block-quote-is-layout-flow\"><p>Vin\u00edcius Jos\u00e9 Farias, cursando a oitava fase de Agronomia. Atualmente desenvolve uma pesquisa com respeito ao o uso de&nbsp;<em>Azospirillum brasilense&nbsp;<\/em>em trigo para silagem.&nbsp;<\/p><\/blockquote>\n<\/div><\/div>\n","protected":false},"excerpt":{"rendered":"<p>Coordenadora: Sonia Purin da Cruz, Ph.D. \u00c9 professora de Microbiologia na UFSC \u2013 Campus Curitibanos desde 2012. Leciona Microbiologia nos cursos de Agronomia, Engenharia Florestal e Medicina Veterin\u00e1ria. Possui t\u00edtulo de Ph.D. em Agronomia, na \u00e1rea de Ci\u00eancia do Solo, com concentra\u00e7\u00e3o em Microbiologia Ambiental e Aplicada. Seu t\u00edtulo foi obtido sob orienta\u00e7\u00e3o do Ph.D. [&hellip;]<\/p>\n","protected":false},"author":1,"featured_media":0,"parent":0,"menu_order":0,"comment_status":"closed","ping_status":"closed","template":"","meta":{"footnotes":""},"class_list":["post-72","page","type-page","status-publish","hentry"],"_links":{"self":[{"href":"http:\/\/gmicro.ufsc.br\/index.php\/wp-json\/wp\/v2\/pages\/72","targetHints":{"allow":["GET"]}}],"collection":[{"href":"http:\/\/gmicro.ufsc.br\/index.php\/wp-json\/wp\/v2\/pages"}],"about":[{"href":"http:\/\/gmicro.ufsc.br\/index.php\/wp-json\/wp\/v2\/types\/page"}],"author":[{"embeddable":true,"href":"http:\/\/gmicro.ufsc.br\/index.php\/wp-json\/wp\/v2\/users\/1"}],"replies":[{"embeddable":true,"href":"http:\/\/gmicro.ufsc.br\/index.php\/wp-json\/wp\/v2\/comments?post=72"}],"version-history":[{"count":83,"href":"http:\/\/gmicro.ufsc.br\/index.php\/wp-json\/wp\/v2\/pages\/72\/revisions"}],"predecessor-version":[{"id":311,"href":"http:\/\/gmicro.ufsc.br\/index.php\/wp-json\/wp\/v2\/pages\/72\/revisions\/311"}],"wp:attachment":[{"href":"http:\/\/gmicro.ufsc.br\/index.php\/wp-json\/wp\/v2\/media?parent=72"}],"curies":[{"name":"wp","href":"https:\/\/api.w.org\/{rel}","templated":true}]}}